{"id":6171,"date":"2025-12-29T13:20:45","date_gmt":"2025-12-29T12:20:45","guid":{"rendered":"https:\/\/torrespardo.com\/events\/iii-jornades-mediterranies-de-la-visio\/"},"modified":"2025-12-29T13:20:45","modified_gmt":"2025-12-29T12:20:45","slug":"iii-jornades-mediterranies-de-la-visio","status":"publish","type":"mec-events","link":"https:\/\/torrespardo.com\/en\/events\/iii-jornades-mediterranies-de-la-visio\/","title":{"rendered":"III JORNADES MEDITERR\u00c0NIES DE LA VISI\u00d3"},"content":{"rendered":"<p>Tota la informaci\u00f3 disponible en breu<\/p>\n<p class=\"p1\"><b>Secretaria t\u00e8cnica<br \/>\n<\/b>C. de N\u00e0pols, 187, 2<span class=\"s1\">\u00ba<\/span>, 08013 Barcelona<br \/>\nT. 932 46 35 66<br \/>\ne.torres@torrespardo.com<br \/>\nwww.torrespardo.com<\/p>\n<p>&nbsp;<\/p>\n","protected":false},"excerpt":{"rendered":"<p>Tota la informaci\u00f3 disponible en breu Secretaria t\u00e8cnica C. de N\u00e0pols, 187, 2\u00ba, 08013 Barcelona T. 932 46 35 66 e.torres@torrespardo.com www.torrespardo.com &nbsp;<\/p>\n","protected":false},"author":1,"featured_media":0,"comment_status":"closed","ping_status":"closed","template":"","tags":[],"mec_category":[],"class_list":["post-6171","mec-events","type-mec-events","status-publish","hentry"],"yoast_head":"<!-- This site is optimized with the Yoast SEO plugin v27.5 - https:\/\/yoast.com\/product\/yoast-seo-wordpress\/ -->\n<title>III JORNADES MEDITERR\u00c0NIES DE LA VISI\u00d3 - Torres Pardo<\/title>\n<meta name=\"robots\" content=\"index, follow, max-snippet:-1, max-image-preview:large, max-video-preview:-1\" \/>\n<link rel=\"canonical\" href=\"https:\/\/torrespardo.com\/events\/iii-jornades-mediterranies-de-la-visio\/\" \/>\n<meta property=\"og:locale\" content=\"en_US\" \/>\n<meta property=\"og:type\" content=\"article\" \/>\n<meta property=\"og:title\" content=\"III JORNADES MEDITERR\u00c0NIES DE LA VISI\u00d3 - Torres Pardo\" \/>\n<meta property=\"og:description\" content=\"Tota la informaci\u00f3 disponible en breu Secretaria t\u00e8cnica C. de N\u00e0pols, 187, 2\u00ba, 08013 Barcelona T. 932 46 35 66 e.torres@torrespardo.com www.torrespardo.com &nbsp;\" \/>\n<meta property=\"og:url\" content=\"https:\/\/torrespardo.com\/events\/iii-jornades-mediterranies-de-la-visio\/\" \/>\n<meta property=\"og:site_name\" content=\"Torres Pardo\" \/>\n<meta name=\"twitter:card\" content=\"summary_large_image\" \/>\n<script type=\"application\/ld+json\" class=\"yoast-schema-graph\">{\"@context\":\"https:\\\/\\\/schema.org\",\"@graph\":[{\"@type\":\"WebPage\",\"@id\":\"https:\\\/\\\/torrespardo.com\\\/events\\\/iii-jornades-mediterranies-de-la-visio\\\/\",\"url\":\"https:\\\/\\\/torrespardo.com\\\/events\\\/iii-jornades-mediterranies-de-la-visio\\\/\",\"name\":\"III JORNADES MEDITERR\u00c0NIES DE LA VISI\u00d3 - Torres Pardo\",\"isPartOf\":{\"@id\":\"https:\\\/\\\/torrespardo.com\\\/#website\"},\"datePublished\":\"2025-12-29T12:20:45+00:00\",\"breadcrumb\":{\"@id\":\"https:\\\/\\\/torrespardo.com\\\/events\\\/iii-jornades-mediterranies-de-la-visio\\\/#breadcrumb\"},\"inLanguage\":\"en-US\",\"potentialAction\":[{\"@type\":\"ReadAction\",\"target\":[\"https:\\\/\\\/torrespardo.com\\\/events\\\/iii-jornades-mediterranies-de-la-visio\\\/\"]}]},{\"@type\":\"BreadcrumbList\",\"@id\":\"https:\\\/\\\/torrespardo.com\\\/events\\\/iii-jornades-mediterranies-de-la-visio\\\/#breadcrumb\",\"itemListElement\":[{\"@type\":\"ListItem\",\"position\":1,\"name\":\"Portada\",\"item\":\"https:\\\/\\\/torrespardo.com\\\/en\\\/\"},{\"@type\":\"ListItem\",\"position\":2,\"name\":\"Eventos\",\"item\":\"https:\\\/\\\/torrespardo.com\\\/events\\\/\"},{\"@type\":\"ListItem\",\"position\":3,\"name\":\"III JORNADES MEDITERR\u00c0NIES DE LA VISI\u00d3\"}]},{\"@type\":\"WebSite\",\"@id\":\"https:\\\/\\\/torrespardo.com\\\/#website\",\"url\":\"https:\\\/\\\/torrespardo.com\\\/\",\"name\":\"Torres Pardo\",\"description\":\"Congress Management\",\"potentialAction\":[{\"@type\":\"SearchAction\",\"target\":{\"@type\":\"EntryPoint\",\"urlTemplate\":\"https:\\\/\\\/torrespardo.com\\\/?s={search_term_string}\"},\"query-input\":{\"@type\":\"PropertyValueSpecification\",\"valueRequired\":true,\"valueName\":\"search_term_string\"}}],\"inLanguage\":\"en-US\"}]}<\/script>\n<!-- \/ Yoast SEO plugin. -->","yoast_head_json":{"title":"III JORNADES MEDITERR\u00c0NIES DE LA VISI\u00d3 - Torres Pardo","robots":{"index":"index","follow":"follow","max-snippet":"max-snippet:-1","max-image-preview":"max-image-preview:large","max-video-preview":"max-video-preview:-1"},"canonical":"https:\/\/torrespardo.com\/events\/iii-jornades-mediterranies-de-la-visio\/","og_locale":"en_US","og_type":"article","og_title":"III JORNADES MEDITERR\u00c0NIES DE LA VISI\u00d3 - Torres Pardo","og_description":"Tota la informaci\u00f3 disponible en breu Secretaria t\u00e8cnica C. de N\u00e0pols, 187, 2\u00ba, 08013 Barcelona T. 932 46 35 66 e.torres@torrespardo.com www.torrespardo.com &nbsp;","og_url":"https:\/\/torrespardo.com\/events\/iii-jornades-mediterranies-de-la-visio\/","og_site_name":"Torres Pardo","twitter_card":"summary_large_image","schema":{"@context":"https:\/\/schema.org","@graph":[{"@type":"WebPage","@id":"https:\/\/torrespardo.com\/events\/iii-jornades-mediterranies-de-la-visio\/","url":"https:\/\/torrespardo.com\/events\/iii-jornades-mediterranies-de-la-visio\/","name":"III JORNADES MEDITERR\u00c0NIES DE LA VISI\u00d3 - Torres Pardo","isPartOf":{"@id":"https:\/\/torrespardo.com\/#website"},"datePublished":"2025-12-29T12:20:45+00:00","breadcrumb":{"@id":"https:\/\/torrespardo.com\/events\/iii-jornades-mediterranies-de-la-visio\/#breadcrumb"},"inLanguage":"en-US","potentialAction":[{"@type":"ReadAction","target":["https:\/\/torrespardo.com\/events\/iii-jornades-mediterranies-de-la-visio\/"]}]},{"@type":"BreadcrumbList","@id":"https:\/\/torrespardo.com\/events\/iii-jornades-mediterranies-de-la-visio\/#breadcrumb","itemListElement":[{"@type":"ListItem","position":1,"name":"Portada","item":"https:\/\/torrespardo.com\/en\/"},{"@type":"ListItem","position":2,"name":"Eventos","item":"https:\/\/torrespardo.com\/events\/"},{"@type":"ListItem","position":3,"name":"III JORNADES MEDITERR\u00c0NIES DE LA VISI\u00d3"}]},{"@type":"WebSite","@id":"https:\/\/torrespardo.com\/#website","url":"https:\/\/torrespardo.com\/","name":"Torres Pardo","description":"Congress Management","potentialAction":[{"@type":"SearchAction","target":{"@type":"EntryPoint","urlTemplate":"https:\/\/torrespardo.com\/?s={search_term_string}"},"query-input":{"@type":"PropertyValueSpecification","valueRequired":true,"valueName":"search_term_string"}}],"inLanguage":"en-US"}]}},"_links":{"self":[{"href":"https:\/\/torrespardo.com\/en\/wp-json\/wp\/v2\/mec-events\/6171","targetHints":{"allow":["GET"]}}],"collection":[{"href":"https:\/\/torrespardo.com\/en\/wp-json\/wp\/v2\/mec-events"}],"about":[{"href":"https:\/\/torrespardo.com\/en\/wp-json\/wp\/v2\/types\/mec-events"}],"author":[{"embeddable":true,"href":"https:\/\/torrespardo.com\/en\/wp-json\/wp\/v2\/users\/1"}],"replies":[{"embeddable":true,"href":"https:\/\/torrespardo.com\/en\/wp-json\/wp\/v2\/comments?post=6171"}],"wp:attachment":[{"href":"https:\/\/torrespardo.com\/en\/wp-json\/wp\/v2\/media?parent=6171"}],"wp:term":[{"taxonomy":"post_tag","embeddable":true,"href":"https:\/\/torrespardo.com\/en\/wp-json\/wp\/v2\/tags?post=6171"},{"taxonomy":"mec_category","embeddable":true,"href":"https:\/\/torrespardo.com\/en\/wp-json\/wp\/v2\/mec_category?post=6171"}],"curies":[{"name":"wp","href":"https:\/\/api.w.org\/{rel}","templated":true}]}}